{"id":886,"date":"2024-03-22T08:04:19","date_gmt":"2024-03-22T08:04:19","guid":{"rendered":"https:\/\/pro-con.hu\/?post_type=product&#038;p=886"},"modified":"2024-09-02T15:08:23","modified_gmt":"2024-09-02T13:08:23","slug":"pro-con-camp-20-kempinghaz","status":"publish","type":"product","link":"https:\/\/pro-con.hu\/sk\/produkt\/pro-con-camp-20-kempinghaz\/","title":{"rendered":"Kempingov\u00fd dom\u010dek PRO-CON CAMP 20\u2032"},"content":{"rendered":"<h2>PRO-CON CAMP 20' kempingov\u00fd dom\u010dek \/ mal\u00fd dom\u010dek<\/h2>\n<p><b>Objavte modulov\u00fd dom PRO-CON CAMP 20' Tiny House:<\/b><span style=\"font-weight: 400;\"> ide\u00e1lna invest\u00edcia do rast\u00faceho segmentu trhu kempingov! Tento kompaktn\u00fd, \u0161t\u00fdlov\u00fd a pohodln\u00fd pr\u00e1zdninov\u00fd dom je ide\u00e1lnou vo\u013ebou pre host\u00ed, ktor\u00ed chc\u00fa relaxova\u0165 a tr\u00e1vi\u0165 svoj vo\u013en\u00fd \u010das v bl\u00edzkosti pr\u00edrody.<\/span><\/p>\n<p><b>Pre\u010do si vybra\u0165 PRO-CON CAMP 20' Tiny House?<\/b><\/p>\n<ul>\n<li style=\"font-weight: 400;\" aria-level=\"1\"><b>Vynikaj\u00faca invest\u00edcia:<\/b><span style=\"font-weight: 400;\"> Trh s kempingov\u00fdmi dom\u010dekmi sa r\u00fdchlo rozv\u00edja a pr\u00e1zdninov\u00fd dom\u010dek PROCON CAMP 20' Tiny House Getaway je ide\u00e1lnou vo\u013ebou pre investorov, ktor\u00ed chc\u00fa vyu\u017ei\u0165 rast\u00faci dopyt.<\/span><\/li>\n<li style=\"font-weight: 400;\" aria-level=\"1\"><b>Jednoduch\u00e9 ovl\u00e1danie:<\/b><span style=\"font-weight: 400;\"> Rekrea\u010dn\u00fd dom si vy\u017eaduje minim\u00e1lnu \u00fadr\u017ebu, tak\u017ee sa nemus\u00edte stara\u0165 o neust\u00e1ly doh\u013ead.<\/span><\/li>\n<li style=\"font-weight: 400;\" aria-level=\"1\"><b>\u00daspora miesta:<\/b><span style=\"font-weight: 400;\"> V\u010faka svojim kompaktn\u00fdm rozmerom sa rekrea\u010dn\u00fd dom zmest\u00ed na mal\u00fa plochu, tak\u017ee je ide\u00e1lny pre men\u0161ie kempy.<\/span><\/li>\n<li style=\"font-weight: 400;\" aria-level=\"1\"><b>Pohodln\u00e9 a \u0161t\u00fdlov\u00e9:<\/b><span style=\"font-weight: 400;\"> Rekrea\u010dn\u00fd dom m\u00e1 modern\u00fd interi\u00e9r a exteri\u00e9r a poskytuje hos\u0165om v\u0161etko potrebn\u00e9 vybavenie.<\/span><\/li>\n<li style=\"font-weight: 400;\" aria-level=\"1\"><b>\u0160etrn\u00e9 k \u017eivotn\u00e9mu prostrediu:<\/b><span style=\"font-weight: 400;\"> Rekrea\u010dn\u00fd dom je vyroben\u00fd z energeticky \u00fasporn\u00fdch a udr\u017eate\u013en\u00fdch materi\u00e1lov, tak\u017ee m\u00e1 minim\u00e1lny vplyv na \u017eivotn\u00e9 prostredie.<\/span><\/li>\n<\/ul>\n<p><b>Vlastnosti mal\u00e9ho domu PRO-CON CAMP 20':<\/b><\/p>\n<ul>\n<li style=\"font-weight: 400;\" aria-level=\"1\"><span style=\"font-weight: 400;\">D\u013a\u017eka 20 st\u00f4p (6 metrov)<\/span><\/li>\n<li style=\"font-weight: 400;\" aria-level=\"1\"><span style=\"font-weight: 400;\">1 sp\u00e1l\u0148a<\/span><\/li>\n<li style=\"font-weight: 400;\" aria-level=\"1\"><span style=\"font-weight: 400;\">1 k\u00fape\u013e\u0148a<\/span><\/li>\n<li style=\"font-weight: 400;\" aria-level=\"1\"><span style=\"font-weight: 400;\">Plne vybaven\u00e1 kuchy\u0148a<\/span><\/li>\n<li style=\"font-weight: 400;\" aria-level=\"1\"><span style=\"font-weight: 400;\">Nappali<\/span><\/li>\n<li style=\"font-weight: 400;\" aria-level=\"1\"><span style=\"font-weight: 400;\">Terasa<\/span><\/li>\n<li style=\"font-weight: 400;\" aria-level=\"1\"><span style=\"font-weight: 400;\">Podnebie<\/span><\/li>\n<li style=\"font-weight: 400;\" aria-level=\"1\"><span style=\"font-weight: 400;\">Elektrick\u00e9 vykurovanie<\/span><\/li>\n<li style=\"font-weight: 400;\" aria-level=\"1\"><span style=\"font-weight: 400;\">Syst\u00e9m sol\u00e1rnych panelov<\/span><\/li>\n<\/ul>\n<p><b>PRO-CON CAMP 20' Tiny House Getaway je ide\u00e1lnou vo\u013ebou:<\/b><\/p>\n<ul>\n<li style=\"font-weight: 400;\" aria-level=\"1\"><span style=\"font-weight: 400;\">Pre kempy<\/span><\/li>\n<li style=\"font-weight: 400;\" aria-level=\"1\"><span style=\"font-weight: 400;\">Pre investorov<\/span><\/li>\n<li style=\"font-weight: 400;\" aria-level=\"1\"><span style=\"font-weight: 400;\">Pre jednotlivcov, ktor\u00ed chc\u00fa prev\u00e1dzkova\u0165 penzi\u00f3n<\/span><\/li>\n<li style=\"font-weight: 400;\" aria-level=\"1\"><span style=\"font-weight: 400;\">Pre t\u00fdch, ktor\u00ed chc\u00fa relaxova\u0165 v bl\u00edzkosti pr\u00edrody<\/span><\/li>\n<\/ul>\n<h4>Rozmery<\/h4>\n<ul>\n<li>Vonkaj\u0161ia \u0161\u00edrka: 3,00 m<\/li>\n<li>Vonkaj\u0161ia d\u013a\u017eka: 6,00 m<\/li>\n<li>Vonkaj\u0161ia v\u00fd\u0161ka: 2,80 - 2,90 m<\/li>\n<\/ul>\n<h4>\u0160truktur\u00e1lne parametre<\/h4>\n<ul>\n<li>R\u00e1mov\u00e1 kon\u0161trukcia:\n<ul>\n<li>zv\u00e1ran\u00e9 st\u013apy z uhl\u00edkovej ocele 50 x 50 x 3 mm;<\/li>\n<li>nosn\u00edky 80 x 60 x 3 mm<\/li>\n<li>Polyuret\u00e1nov\u00fd n\u00e1ter, farba ral7016<\/li>\n<\/ul>\n<\/li>\n<li>Strecha:\n<ul>\n<li>Sklon: - 3 %<\/li>\n<li>Materi\u00e1l: 100 mm PP sendvi\u010dov\u00fd panel<\/li>\n<li>Izola\u010dn\u00e1 hodnota: (Uc) 0,39 W (m2 * K)<\/li>\n<li>Farba: RAL 9006\/9010<\/li>\n<\/ul>\n<\/li>\n<li>Podlaha:\n<ul>\n<li>Sendvi\u010dov\u00fd panel 100 mm PP na zv\u00e1ranom z\u00e1kladnom r\u00e1me<\/li>\n<li>MFP panel 18 mm, krytina linoleum<\/li>\n<\/ul>\n<\/li>\n<li>Windows:\n<ul>\n<li>Hlin\u00edkov\u00fd pevn\u00fd 2 700 x 1 800 mm (RAL 7016\/7016) - 1 ks<\/li>\n<li>PVC BNY 200 x 600 mm (RAL 7016\/7016) - 1 ks<\/li>\n<li>PVC BNY 600 x 600 mm (RAL 7016\/7016) - 1 ks<\/li>\n<\/ul>\n<\/li>\n<li>Dvere:\n<ul>\n<li>Vonkaj\u0161ie bezpe\u010dnostn\u00e9 dvere 900 x 2 100 mm (RAL 7016) - 1 ks<\/li>\n<\/ul>\n<\/li>\n<\/ul>\n<p>Referen\u010dn\u00e9 video:<\/p>\n<p><iframe title=\"\u00dakryt v lese - AlmasGlamp Zebeg\u00e9ny\" width=\"800\" height=\"450\" src=\"https:\/\/www.youtube.com\/embed\/r3BfrKc4ISY?start=104&#038;feature=oembed&#038;enablejsapi=1&#038;origin=https:\/\/pro-con.hu\" frameborder=\"0\" allow=\"accelerometer; autoplay; clipboard-write; encrypted-media; gyroscope; picture-in-picture; web-share\" referrerpolicy=\"strict-origin-when-cross-origin\" allowfullscreen><\/iframe><\/p>\n<p><b>Z\u00edskajte bezplatn\u00fa cenov\u00fa ponuku pre svoj PROCON CAMP 20' Tiny House e\u0161te dnes!<\/b><\/p>\n<p><b>PRO-CON: Spo\u013eahliv\u00fd partner pre bud\u00face invest\u00edcie.<\/b><\/p>\n<p>Zobrazi\u0165 v inej ve\u013ekosti: <a href=\"https:\/\/pro-con.hu\/sk\/produkt\/pro-con-camp-40-kemping-haz\/\">40' kempingov\u00fd pr\u00edstre\u0161ok<\/a><\/p>","protected":false},"excerpt":{"rendered":"<p>Kempingov\u00fd dom\u010dek, \u0161perkovnica skuto\u010dnej ve\u013ekosti. Napriek svojej malej ve\u013ekosti pon\u00faka ubytovanie prvotriednej kvality pre v\u0161etko, \u010do by ste mohli potrebova\u0165, na pokojnom mieste \u010faleko od hluku sveta. Ide\u00e1lny pre 2-3 osoby.<\/p>","protected":false},"featured_media":2001,"template":"","meta":{"_acf_changed":false},"product_brand":[],"product_cat":[28],"product_tag":[],"class_list":{"0":"post-886","1":"product","2":"type-product","3":"status-publish","4":"has-post-thumbnail","6":"product_cat-kontener-epitmenyek","8":"first","9":"instock","10":"shipping-taxable","11":"product-type-simple"},"acf":[],"_links":{"self":[{"href":"https:\/\/pro-con.hu\/sk\/wp-json\/wp\/v2\/product\/886","targetHints":{"allow":["GET"]}}],"collection":[{"href":"https:\/\/pro-con.hu\/sk\/wp-json\/wp\/v2\/product"}],"about":[{"href":"https:\/\/pro-con.hu\/sk\/wp-json\/wp\/v2\/types\/product"}],"version-history":[{"count":26,"href":"https:\/\/pro-con.hu\/sk\/wp-json\/wp\/v2\/product\/886\/revisions"}],"predecessor-version":[{"id":3289,"href":"https:\/\/pro-con.hu\/sk\/wp-json\/wp\/v2\/product\/886\/revisions\/3289"}],"wp:featuredmedia":[{"embeddable":true,"href":"https:\/\/pro-con.hu\/sk\/wp-json\/wp\/v2\/media\/2001"}],"wp:attachment":[{"href":"https:\/\/pro-con.hu\/sk\/wp-json\/wp\/v2\/media?parent=886"}],"wp:term":[{"taxonomy":"product_brand","embeddable":true,"href":"https:\/\/pro-con.hu\/sk\/wp-json\/wp\/v2\/product_brand?post=886"},{"taxonomy":"product_cat","embeddable":true,"href":"https:\/\/pro-con.hu\/sk\/wp-json\/wp\/v2\/product_cat?post=886"},{"taxonomy":"product_tag","embeddable":true,"href":"https:\/\/pro-con.hu\/sk\/wp-json\/wp\/v2\/product_tag?post=886"}],"curies":[{"name":"wp","href":"https:\/\/api.w.org\/{rel}","templated":true}]}}