{"id":2999,"date":"2024-04-26T06:23:37","date_gmt":"2024-04-26T04:23:37","guid":{"rendered":"https:\/\/pro-con.hu\/?page_id=2999"},"modified":"2024-04-26T06:29:06","modified_gmt":"2024-04-26T04:29:06","slug":"adatkezelesi-tajekoztato","status":"publish","type":"page","link":"https:\/\/pro-con.hu\/es\/adatkezelesi-tajekoztato\/","title":{"rendered":"Protecci\u00f3n de datos"},"content":{"rendered":"<div data-elementor-type=\"wp-page\" data-elementor-id=\"2999\" class=\"elementor elementor-2999\" data-elementor-post-type=\"page\">\n\t\t\t\t\t\t<section class=\"elementor-section elementor-top-section elementor-element elementor-element-7047b8b elementor-section-boxed elementor-section-height-default elementor-section-height-default\" data-id=\"7047b8b\" data-element_type=\"section\" data-e-type=\"section\" data-settings=\"{&quot;background_background&quot;:&quot;classic&quot;}\">\n\t\t\t\t\t\t\t<div class=\"elementor-background-overlay\"><\/div>\n\t\t\t\t\t\t\t<div class=\"elementor-container elementor-column-gap-default\">\n\t\t\t\t\t<div class=\"elementor-column elementor-col-100 elementor-top-column elementor-element elementor-element-08045c8\" data-id=\"08045c8\" data-element_type=\"column\" data-e-type=\"column\">\n\t\t\t<div class=\"elementor-widget-wrap elementor-element-populated\">\n\t\t\t\t\t\t<div class=\"elementor-element elementor-element-292adaa elementor-widget elementor-widget-heading\" data-id=\"292adaa\" data-element_type=\"widget\" data-e-type=\"widget\" data-widget_type=\"heading.default\">\n\t\t\t\t<div class=\"elementor-widget-container\">\n\t\t\t\t\t<h1 class=\"elementor-heading-title elementor-size-default\">Protecci\u00f3n de datos<\/h1>\t\t\t\t<\/div>\n\t\t\t\t<\/div>\n\t\t\t\t\t<\/div>\n\t\t<\/div>\n\t\t\t\t\t<\/div>\n\t\t<\/section>\n\t\t\t\t<section class=\"elementor-section elementor-top-section elementor-element elementor-element-23a8b625 elementor-section-boxed elementor-section-height-default elementor-section-height-default\" data-id=\"23a8b625\" data-element_type=\"section\" data-e-type=\"section\">\n\t\t\t\t\t\t<div class=\"elementor-container elementor-column-gap-default\">\n\t\t\t\t\t<div class=\"elementor-column elementor-col-100 elementor-top-column elementor-element elementor-element-5fd3d91\" data-id=\"5fd3d91\" data-element_type=\"column\" data-e-type=\"column\">\n\t\t\t<div class=\"elementor-widget-wrap elementor-element-populated\">\n\t\t\t\t\t\t<div class=\"elementor-element elementor-element-0b9e839 elementor-widget elementor-widget-text-editor\" data-id=\"0b9e839\" data-element_type=\"widget\" data-e-type=\"widget\" data-widget_type=\"text-editor.default\">\n\t\t\t\t<div class=\"elementor-widget-container\">\n\t\t\t\t\t\t\t\t\t<p>Proseco Industrial Solutions Ltd. (en lo sucesivo, el \"Proveedor de Servicios\") procesa los datos de los visitantes del Sitio Web y los usuarios de los servicios disponibles en el Sitio Web (en lo sucesivo, denominados colectivamente el \"Sujeto de Datos\") en el curso de la operaci\u00f3n del sitio web pro-con.hu (en lo sucesivo, el \"Sitio Web\").<\/p><p>La presente Pol\u00edtica de Privacidad se aplica a todas las personas f\u00edsicas, jur\u00eddicas y organizaciones sin personalidad jur\u00eddica que utilicen los servicios disponibles en el Sitio Web.<\/p><p>Al utilizar el sitio web, al enviar la solicitud de presupuesto o al registrarse, el interesado acepta la pol\u00edtica de privacidad y consiente el tratamiento de sus datos conforme a lo dispuesto a continuaci\u00f3n.<\/p><h4>Proveedor de servicios como responsable del tratamiento de datos<\/h4><ul><li><strong>Nombre de la empresa<\/strong>: Proseco Industrial Solutions Ltd.<\/li><li><strong>Sede social, direcci\u00f3n postal<\/strong>: 2600 V\u00e1c, G\u00f6d\u00f6ll\u0151i \u00fat 15.<\/li><li><strong>Tel\u00e9fono<\/strong>: +36 30 8664886<\/li><li><strong>Correo electr\u00f3nico<\/strong>: info@proseco.hu<\/li><li><strong>N\u00famero de identificaci\u00f3n fiscal<\/strong>: 13641573-2-13<\/li><li><strong>N\u00famero de registro de la empresa<\/strong>: 13-09-106264<\/li><\/ul><p>En relaci\u00f3n con el tratamiento de datos, el Proveedor de Servicios informa a los Sujetos de Datos sobre los datos personales tratados por el Proveedor de Servicios en el Sitio Web, los principios y pr\u00e1cticas seguidos en el tratamiento de datos personales, as\u00ed como las formas y medios de ejercer los derechos de los Sujetos de Datos.<\/p><h3>Definiciones<\/h3><ul><li><strong>preocupado<\/strong>Cualquier persona f\u00edsica identificada o que pueda ser identificada, directa o indirectamente, a partir de datos personales espec\u00edficos;<\/li><li><strong>datos personales<\/strong>los datos que puedan asociarse al interesado, en particular el nombre, la marca de identificaci\u00f3n y uno o varios elementos espec\u00edficos de la identidad f\u00edsica, fisiol\u00f3gica, ps\u00edquica, econ\u00f3mica, cultural o social del interesado, as\u00ed como las deducciones que puedan hacerse de los datos relativos al interesado;<\/li><li><strong>Contribuci\u00f3n<\/strong>una manifestaci\u00f3n voluntaria y expl\u00edcita de la voluntad del interesado, basada en una informaci\u00f3n adecuada, por la que da su consentimiento inequ\u00edvoco al tratamiento de los datos personales que le conciernen, ya sea en su totalidad o en relaci\u00f3n con operaciones espec\u00edficas;<\/li><li><strong>protesta<\/strong>el interesado que se oponga al tratamiento de sus datos personales y solicite la cesaci\u00f3n del tratamiento o la supresi\u00f3n de los datos tratados;<\/li><li><strong>controlador de datos<\/strong>: la persona f\u00edsica o jur\u00eddica o la entidad sin personalidad jur\u00eddica que, sola o junto con otras, determine los fines para los que van a tratarse los datos, adopte y aplique las decisiones relativas al tratamiento (incluidos los medios utilizados) o haga que las aplique un encargado del tratamiento en su nombre;<\/li><li><b>gesti\u00f3n de datos<\/b>Cualquier operaci\u00f3n o conjunto de operaciones efectuadas sobre datos, con independencia del procedimiento utilizado, como la recogida, registro, organizaci\u00f3n, almacenamiento, alteraci\u00f3n, utilizaci\u00f3n, recuperaci\u00f3n, divulgaci\u00f3n, transmisi\u00f3n, cotejo o interconexi\u00f3n, bloqueo, supresi\u00f3n o destrucci\u00f3n, impedir la utilizaci\u00f3n posterior, la toma de fotograf\u00edas, grabaciones sonoras o im\u00e1genes, y el registro de caracter\u00edsticas f\u00edsicas que puedan utilizarse para identificar a una persona (por ejemplo, huellas dactilares, huellas palmares, ADN, esc\u00e1ner del iris);<\/li><li><b>tratamiento de datos<\/b>la realizaci\u00f3n de tareas t\u00e9cnicas relacionadas con las operaciones de tratamiento de datos, con independencia del m\u00e9todo y los medios utilizados para llevarlas a cabo y del lugar de aplicaci\u00f3n, siempre que la tarea t\u00e9cnica se realice sobre los datos;<\/li><li><b>procesador de datos<\/b>la persona f\u00edsica o jur\u00eddica u organismo sin personalidad jur\u00eddica que trate datos en virtud de un contrato con el responsable del tratamiento, incluido un contrato celebrado en virtud de una disposici\u00f3n legal;<\/li><li><b>transmisi\u00f3n de datos<\/b>: poner los datos a disposici\u00f3n de un tercero especificado;<\/li><li><b>divulgaci\u00f3n al p\u00fablico<\/b>que los datos sean accesibles a todo el mundo;<\/li><li><b>eliminaci\u00f3n de datos<\/b>: hacer irreconocibles los datos de tal forma que ya no sea posible recuperarlos;<\/li><li><b>almacenamiento de datos<\/b>identificar los datos con el fin de limitar su tratamiento posterior de forma permanente o durante un periodo de tiempo limitado;<\/li><li><b>destrucci\u00f3n de datos<\/b>destrucci\u00f3n f\u00edsica completa del soporte que contiene los datos;<\/li><li><b>tercera parte<\/b>persona f\u00edsica o jur\u00eddica, o entidad sin personalidad jur\u00eddica, distinta del interesado, del responsable del tratamiento o del encargado del tratamiento.<\/li><\/ul><h3>Finalidad del tratamiento de datos<\/h3><p>El Proveedor de Servicios utilizar\u00e1 los datos facilitados por el Titular de los datos con el \u00fanico fin de ponerse en contacto con el Titular de los datos en relaci\u00f3n con la compra, y si el Titular de los datos se suscribe a un bolet\u00edn con elementos de marketing directo, se almacenar\u00e1n y procesar\u00e1n con el fin de enviar el bolet\u00edn.<\/p><p>La finalidad de los datos que se registran autom\u00e1ticamente es elaborar estad\u00edsticas y mejorar los aspectos t\u00e9cnicos del sistema inform\u00e1tico.<\/p><p>El Proveedor de Servicios no utilizar\u00e1 ni podr\u00e1 utilizar los datos personales facilitados para fines distintos de los arriba indicados. La comunicaci\u00f3n de datos personales a terceros o a las autoridades p\u00fablicas, salvo que la ley disponga lo contrario, es posible con el consentimiento previo y expreso del Titular de los datos.<\/p><p>En todos los casos en los que el Proveedor de Servicios pretenda utilizar los datos facilitados para fines distintos de aquellos para los que fueron recogidos originalmente, el Proveedor de Servicios informar\u00e1 de ello al Titular de los Datos y obtendr\u00e1 su consentimiento expl\u00edcito previo o le ofrecer\u00e1 la oportunidad de prohibir dicho uso.<\/p><h3>Base jur\u00eddica del tratamiento de datos<\/h3><p>El tratamiento de datos por parte del Proveedor de Servicios se basa en el consentimiento voluntario del Titular de los datos de conformidad con el art\u00edculo 5 (1) (a) de la Ley CXII de 2011 sobre el derecho de autodeterminaci\u00f3n informativa y la libertad de informaci\u00f3n (en adelante: Info.tv.) y sobre la base de la Ley CVIII de 2001 sobre determinados aspectos de los servicios de comercio electr\u00f3nico y servicios de la sociedad de la informaci\u00f3n.<\/p><p>El Proveedor de Servicios no verifica los datos personales que se le facilitan, ni su autenticidad. La persona que facilita los datos, el Titular de los mismos, es el \u00fanico responsable de que los datos facilitados sean correctos. Al facilitar una direcci\u00f3n de correo electr\u00f3nico, el Titular de los datos tambi\u00e9n es responsable de que sea el \u00fanico que utilice el servicio desde la direcci\u00f3n de correo electr\u00f3nico facilitada. En vista de esta responsabilidad, el acceso a los datos desde una direcci\u00f3n de correo electr\u00f3nico determinada<\/p><p>es responsabilidad exclusiva del interesado que haya facilitado la direcci\u00f3n de correo electr\u00f3nico.<\/p><h3>Alcance de los datos personales tratados<\/h3><p>Datos obligatorios que debe proporcionar durante el registro: nombre, apellidos, direcci\u00f3n de correo electr\u00f3nico, contrase\u00f1a, n\u00famero de tel\u00e9fono<\/p><p>Informaci\u00f3n de facturaci\u00f3n: nombre de facturaci\u00f3n, n\u00famero de tel\u00e9fono, c\u00f3digo postal, ciudad, calle, n\u00famero de casa<\/p><p>Datos de entrega: nombre, n\u00famero de tel\u00e9fono, c\u00f3digo postal, ciudad, calle, n\u00famero de casa<\/p><p>Si el Sujeto de Datos utiliza los datos personales de forma ilegal, fraudulenta y comete un delito, el Proveedor de Servicios podr\u00e1 eliminar todos los datos personales inmediatamente despu\u00e9s de tener conocimiento de la eliminaci\u00f3n del registro.<\/p><h4>Bolet\u00edn<\/h4><p>En caso de suscripci\u00f3n a boletines informativos, el Sujeto de los Datos est\u00e1 obligado a facilitar al Proveedor de Servicios su direcci\u00f3n de correo electr\u00f3nico.<\/p><h4>P\u00f3ngase en contacto con<\/h4><p>Si el Titular de los datos desea ponerse en contacto con el Proveedor de servicios por v\u00eda electr\u00f3nica, puede utilizar el formulario electr\u00f3nico disponible en la secci\u00f3n Contacto. En el formulario de contacto, el Titular de los Datos deber\u00e1 facilitar al Proveedor de Servicios su nombre, direcci\u00f3n de correo electr\u00f3nico y n\u00famero de tel\u00e9fono.<\/p><h4>Datos t\u00e9cnicos<\/h4><p>Los datos del ordenador del Titular de los datos que se conectan, que se generan durante el uso del servicio y que son registrados por el sistema del Proveedor de Servicios como resultado autom\u00e1tico de procesos t\u00e9cnicos. En particular, se trata de la fecha y hora de la visita, la direcci\u00f3n IP del ordenador del Titular de los datos, el tipo de navegador, la direcci\u00f3n del sitio web visitado y el sitio web visitado anteriormente.<\/p><p>Los datos que se registran autom\u00e1ticamente son registrados autom\u00e1ticamente por el sistema en el momento de iniciar o cerrar la sesi\u00f3n, sin ninguna declaraci\u00f3n o acci\u00f3n especial por parte del interesado. Estos datos no podr\u00e1n relacionarse con otros datos personales del usuario, salvo en los casos exigidos por la ley. El acceso a los datos est\u00e1 restringido al Proveedor de Servicios.<\/p><p>El sistema del Proveedor de Servicios puede recopilar datos sobre la actividad de los Titulares de los Datos, que no pueden vincularse a otros datos proporcionados por el Titular de los Datos, ni a datos generados por el uso de otros sitios web o servicios.<\/p><p>El c\u00f3digo html del Sitio Web puede contener enlaces desde y hacia servidores externos independientes del Proveedor de Servicios. Los proveedores de estos enlaces pueden recopilar datos del usuario debido a la conexi\u00f3n directa con su servidor.<\/p><h3>Cookies<\/h3><p>El Proveedor de Servicios y los proveedores de servicios externos designados colocan y vuelven a leer un peque\u00f1o paquete de datos, la llamada cookie, en el ordenador del Titular de los Datos con el fin de proporcionar un servicio personalizado. Si el navegador devuelve una cookie guardada anteriormente, el proveedor de servicios que gestiona la cookie tiene la posibilidad de vincular los datos guardados durante las visitas actuales del Titular de los datos con los datos guardados durante las visitas anteriores, pero solo con respecto a su propio contenido.<\/p><p><span style=\"background-color: transparent; color: var( --e-global-color-primary ); font-family: var( --e-global-typography-text-font-family ), Sans-serif; font-style: var( --e-global-typography-b2ce6af-font-style ); letter-spacing: var( --e-global-typography-b2ce6af-letter-spacing ); text-transform: var( --e-global-typography-b2ce6af-text-transform ); word-spacing: var( --e-global-typography-b2ce6af-word-spacing );\"><b>El Proveedor de Servicios utiliza la siguiente cookie:<\/b><\/span><\/p><ul><li>Cookie de sesi\u00f3n: las cookies de sesi\u00f3n se eliminan autom\u00e1ticamente despu\u00e9s de la visita del Sujeto de Datos. Estas cookies se utilizan para permitir que el Sitio Web del Proveedor de Servicios funcione de manera m\u00e1s eficiente y segura, y por lo tanto son esenciales para permitir que ciertas funciones del Sitio Web o ciertas aplicaciones funcionen correctamente.<\/li><li>Cookie persistente: las cookies persistentes tambi\u00e9n son utilizadas por el Proveedor de Servicios para mejorar la experiencia del usuario (por ejemplo, para proporcionar una navegaci\u00f3n optimizada). Estas cookies se almacenan durante un per\u00edodo de tiempo m\u00e1s largo en el archivo de cookies del navegador. La duraci\u00f3n de esta cookie depender\u00e1 de la configuraci\u00f3n del navegador web del Sujeto de Datos.<\/li><li>Cookie de seguridad.<\/li><\/ul><p>Los servidores externos facilitan la medici\u00f3n independiente y la auditor\u00eda del tr\u00e1fico del Sitio y otros datos de an\u00e1lisis web (Google Analytics). Los responsables del tratamiento pueden proporcionar al Titular de los datos informaci\u00f3n detallada sobre la gesti\u00f3n de los datos de medici\u00f3n.<\/p><p>Contacto: www.google.com\/analytics\/<\/p><p>La funci\u00f3n \"Ayuda\" de la barra de men\u00fas de la mayor\u00eda de los navegadores proporciona informaci\u00f3n sobre c\u00f3mo puede el interesado, en su navegador.<\/p><ul><li>c\u00f3mo desactivar las cookies,<\/li><li>c\u00f3mo aceptar nuevas cookies,<\/li><li>c\u00f3mo indicar a su navegador que instale una nueva cookie, o<\/li><li>c\u00f3mo desactivar otras cookies.<\/li><\/ul><p>Si no desea que Google Analytics mida los datos anteriores de la forma y con los fines descritos, instale un complemento del navegador para bloquearlo.<\/p><p>El sitio web utiliza rastreadores de remarketing de Google Adwords y c\u00f3digos de seguimiento de Facebook. Esto se hace para que los visitantes del sitio puedan ser objeto de anuncios de remarketing en los sitios web de la red de Display de Google. El c\u00f3digo de remarketing utiliza cookies para etiquetar a los visitantes. Los usuarios del sitio pueden inhabilitar estas cookies accediendo al administrador de configuraci\u00f3n de publicidad de Google y siguiendo las instrucciones que all\u00ed se indican. De este modo, dejar\u00e1n de recibir ofertas personalizadas del Proveedor de Servicios.<\/p><h3>Duraci\u00f3n del tratamiento<\/h3><h4>Datos facilitados al ponerse en contacto con nosotros<\/h4><p>El tratamiento de los datos personales proporcionados continuar\u00e1 hasta que el interesado solicite la supresi\u00f3n de sus datos del sistema enviando un correo electr\u00f3nico a info@proseco.hu o por correo postal. En este caso, el plazo para la supresi\u00f3n no ser\u00e1 superior a 5 d\u00edas h\u00e1biles a partir de la fecha de recepci\u00f3n de la solicitud. Al eliminar el registro, no se eliminar\u00e1n los contenidos introducidos en el sitio web por el Sujeto de los datos, s\u00f3lo se eliminar\u00e1 el nombre de usuario del Sujeto de los datos junto con los contenidos.<\/p><h4>Datos facilitados al suscribirse al bolet\u00edn<\/h4><p>El interesado podr\u00e1 darse de baja en cualquier momento, de forma gratuita, sin restricciones y sin indicar el motivo. En el caso de un bolet\u00edn informativo, el Proveedor de Servicios procesar\u00e1 los datos facilitados por el Sujeto de los Datos al suscribirse al bolet\u00edn informativo hasta que el Sujeto de los Datos se d\u00e9 de baja del bolet\u00edn informativo haciendo clic en el bot\u00f3n \"Cancelar suscripci\u00f3n\" del bolet\u00edn informativo o solicite ser eliminado de la lista de suscriptores del bolet\u00edn informativo por correo electr\u00f3nico o postal. En caso de cancelaci\u00f3n de la suscripci\u00f3n, el Proveedor de Servicios no enviar\u00e1 el bolet\u00edn al Sujeto de los Datos tras recibir la solicitud (por correo electr\u00f3nico, correo postal o haciendo clic en el bot\u00f3n \"Cancelar suscripci\u00f3n\").<\/p><h4>Datos t\u00e9cnicos<\/h4><p>Los datos registrados se almacenan durante 6 meses a partir de la fecha de registro, excepto la fecha de la \u00faltima visita, que se sobrescribe autom\u00e1ticamente.<\/p><h3>Titulares de los datos, transferencias de datos, tratamiento de datos<\/h3><p>Los datos personales proporcionados son accesibles principalmente al Proveedor de Servicios o a sus empleados internos, pero no se revelan ni se entregan a terceros.<\/p><p>El Proveedor de Servicios puede utilizar un procesador de datos (por ejemplo: operador del sistema, env\u00edo de boletines informativos) para el funcionamiento del Sitio Web y la prestaci\u00f3n de servicios. Alcance de los procesadores de datos:<\/p><h4>Datos del proveedor de alojamiento:<\/h4><p>Nombre: Proveedor de servicios T\u00e1rhely.Eu Ltd.<\/p><p>Sede: 1144 Budapest, Orm\u00e1ns\u00e1g utca 4 X. em. 241.<\/p><p>N\u00famero de identificaci\u00f3n fiscal: 14571332-2-42<\/p><p>Direcci\u00f3n de correo electr\u00f3nico: support@tarhely.eu<\/p><p>P\u00e1gina web: tarhely.eu<\/p><h3>Sus derechos y v\u00edas de recurso<\/h3><h4>Derecho a la informaci\u00f3n<\/h4><p>El interesado tiene derecho a solicitar en cualquier momento informaci\u00f3n sobre los datos personales que le conciernen tratados por el proveedor de servicios.<\/p><p>A petici\u00f3n del interesado, el proveedor de servicios facilitar\u00e1 informaci\u00f3n sobre los datos tratados por el proveedor de servicios relativos al interesado, la finalidad, la base jur\u00eddica y la duraci\u00f3n del tratamiento, as\u00ed como sobre qui\u00e9n ha recibido o recibido los datos y con qu\u00e9 fin. El Proveedor de Servicios facilitar\u00e1 la informaci\u00f3n solicitada por escrito en un plazo de 30 d\u00edas a partir de la solicitud.<\/p><p>El interesado puede ponerse en contacto con el empleado del proveedor de servicios para cualquier pregunta o comentario sobre el tratamiento de datos a trav\u00e9s de los datos de contacto indicados en el punto 1.<\/p><h4>El interesado podr\u00e1 solicitar la supresi\u00f3n, rectificaci\u00f3n o bloqueo de sus datos<\/h4><p>El interesado tiene derecho a solicitar en cualquier momento la rectificaci\u00f3n o supresi\u00f3n de los datos registrados incorrectamente utilizando uno de los datos de contacto indicados a continuaci\u00f3n. El Proveedor de Servicios suprimir\u00e1 los datos en un plazo de 5 d\u00edas laborables a partir de la recepci\u00f3n de la solicitud, en cuyo caso no ser\u00e1n recuperables. La supresi\u00f3n no se aplica al tratamiento de datos exigido por ley (por ejemplo, normativa contable), que el Proveedor de Servicios conservar\u00e1 durante el periodo necesario.<\/p><p>El interesado tambi\u00e9n podr\u00e1 solicitar el bloqueo de sus datos. El proveedor de servicios bloquear\u00e1 los datos personales si el interesado as\u00ed lo solicita o si, sobre la base de la informaci\u00f3n de que dispone, es probable que la supresi\u00f3n perjudique los intereses leg\u00edtimos del interesado. Los datos personales bloqueados de este modo s\u00f3lo podr\u00e1n tratarse mientras persista la finalidad del tratamiento que impidi\u00f3 la supresi\u00f3n de los datos personales.<\/p><p>La rectificaci\u00f3n, el bloqueo y la supresi\u00f3n deben notificarse al interesado y a todos aquellos a quienes se hayan comunicado previamente los datos para su tratamiento. La notificaci\u00f3n podr\u00e1 omitirse si ello no perjudica los intereses leg\u00edtimos del interesado en relaci\u00f3n con los fines del tratamiento.<\/p><p>Si el responsable del tratamiento no accede a la solicitud de rectificaci\u00f3n, bloqueo o supresi\u00f3n del interesado, comunicar\u00e1 por escrito, en un plazo de 30 d\u00edas a partir de la recepci\u00f3n de la solicitud, los motivos de hecho y de derecho por los que se deniega la solicitud de rectificaci\u00f3n, bloqueo o supresi\u00f3n.<\/p><h4>Los interesados pueden oponerse al tratamiento de sus datos personales<\/h4><p>El interesado podr\u00e1 oponerse al tratamiento de sus datos personales. El Proveedor de Servicios examinar\u00e1 la objeci\u00f3n en el plazo m\u00e1s breve posible a partir de la fecha de la solicitud, pero a m\u00e1s tardar en 15 d\u00edas, y decidir\u00e1 si la objeci\u00f3n est\u00e1 justificada e informar\u00e1 al solicitante por escrito de su decisi\u00f3n.<\/p><p>El interesado podr\u00e1 ejercer los derechos indicados en el punto 8 a trav\u00e9s de los datos de contacto indicados en el punto 1.<\/p><p>Sobre la base de la Info.tv. y el C\u00f3digo Civil (Ley V de 2013), el Titular de los datos tiene derecho a.<\/p><p>Puede ponerse en contacto con la Autoridad Nacional de Protecci\u00f3n de Datos y Libertad de Informaci\u00f3n (1125 Budapest, Szil\u00e1gyi Erzs\u00e9bet fasor 22\/c.; www.naih.hu) o con<\/p><p>Puede hacer valer sus derechos ante los tribunales.<\/p><p>Si el Sujeto de los Datos ha proporcionado datos de terceros para el uso del servicio durante el registro, la suscripci\u00f3n al bolet\u00edn informativo, etc., o ha causado da\u00f1os de cualquier tipo durante el uso del Sitio Web, el Proveedor de Servicios tiene derecho a reclamar da\u00f1os y perjuicios al Sujeto de los Datos. En tal caso, el Proveedor de Servicios prestar\u00e1 toda la asistencia razonable a las autoridades competentes para determinar la identidad de la persona infractora.<\/p><h3>Utilizaci\u00f3n de direcciones de correo electr\u00f3nico<\/h3><p>El Proveedor de Servicios presta especial atenci\u00f3n a la legalidad del uso de las direcciones de correo electr\u00f3nico que gestiona.<\/p><p>El tratamiento de las direcciones de correo electr\u00f3nico tiene como finalidad principal identificar al Titular de los datos y mantener el contacto cuando utiliza los servicios, por lo que los correos electr\u00f3nicos se env\u00edan principalmente con este fin.<\/p><h3>Seguridad de los datos<\/h3><p>El Proveedor de Servicios se compromete a garantizar la seguridad de los datos, a adoptar medidas t\u00e9cnicas que garanticen la protecci\u00f3n de los datos registrados, almacenados o tratados y a tomar todas las medidas necesarias para evitar su destrucci\u00f3n, uso no autorizado o alteraci\u00f3n no autorizada. Tambi\u00e9n se compromete a exigir a cualquier tercero al que pueda transferir o revelar los datos que cumpla con sus obligaciones a este respecto.<\/p><h3>Otras disposiciones<\/h3><p>El Proveedor de Servicios se reserva el derecho a modificar unilateralmente la presente Pol\u00edtica de Privacidad, notific\u00e1ndolo previamente a los Titulares de los Datos a trav\u00e9s del Sitio Web. Tras la entrada en vigor de la modificaci\u00f3n, el Titular de los datos acepta la Pol\u00edtica de privacidad modificada mediante el uso del Sitio web.<\/p><p>El presente Aviso de Privacidad es v\u00e1lido a partir del 13 de febrero de 2024.<\/p>\t\t\t\t\t\t\t\t<\/div>\n\t\t\t\t<\/div>\n\t\t\t\t\t<\/div>\n\t\t<\/div>\n\t\t\t\t\t<\/div>\n\t\t<\/section>\n\t\t\t\t<\/div>","protected":false},"excerpt":{"rendered":"<p>Adatkezel\u00e9si t\u00e1j\u00e9koztat\u00f3 A Proseco Ipari Megold\u00e1sok Kft. (a tov\u00e1bbiakban: Szolg\u00e1ltat\u00f3) pro-con.hu weboldal (a tov\u00e1bbiakban: Honlap) m\u0171k\u00f6dtet\u00e9se sor\u00e1n a Honlapra l\u00e1togat\u00f3k \u00e9s a Honlapon el\u00e9rhet\u0151 szolg\u00e1ltat\u00e1sokat ig\u00e9nybe vev\u0151k (a tov\u00e1bbiakban egy\u00fcttesen \u00c9rintett) adatait kezeli. Jelen Adatkezel\u00e9si T\u00e1j\u00e9koztat\u00f3 kiterjed minden &#8211; a Honlapon el\u00e9rhet\u0151 szolg\u00e1ltat\u00e1st haszn\u00e1l\u00f3 &#8211; term\u00e9szetes szem\u00e9lyre, jogi szem\u00e9lyre, \u00e9s jogi szem\u00e9lyis\u00e9ggel nem rendelkez\u0151 szervezetre. [&hellip;]<\/p>\n","protected":false},"author":1,"featured_media":0,"parent":0,"menu_order":0,"comment_status":"closed","ping_status":"closed","template":"","meta":{"_acf_changed":false,"footnotes":""},"class_list":["post-2999","page","type-page","status-publish","hentry"],"acf":[],"_links":{"self":[{"href":"https:\/\/pro-con.hu\/es\/wp-json\/wp\/v2\/pages\/2999","targetHints":{"allow":["GET"]}}],"collection":[{"href":"https:\/\/pro-con.hu\/es\/wp-json\/wp\/v2\/pages"}],"about":[{"href":"https:\/\/pro-con.hu\/es\/wp-json\/wp\/v2\/types\/page"}],"author":[{"embeddable":true,"href":"https:\/\/pro-con.hu\/es\/wp-json\/wp\/v2\/users\/1"}],"replies":[{"embeddable":true,"href":"https:\/\/pro-con.hu\/es\/wp-json\/wp\/v2\/comments?post=2999"}],"version-history":[{"count":3,"href":"https:\/\/pro-con.hu\/es\/wp-json\/wp\/v2\/pages\/2999\/revisions"}],"predecessor-version":[{"id":3002,"href":"https:\/\/pro-con.hu\/es\/wp-json\/wp\/v2\/pages\/2999\/revisions\/3002"}],"wp:attachment":[{"href":"https:\/\/pro-con.hu\/es\/wp-json\/wp\/v2\/media?parent=2999"}],"curies":[{"name":"wp","href":"https:\/\/api.w.org\/{rel}","templated":true}]}}