{"id":2072,"date":"2024-04-12T08:28:38","date_gmt":"2024-04-12T08:28:38","guid":{"rendered":"https:\/\/pro-con.hu\/?post_type=product&#038;p=2072"},"modified":"2024-09-02T14:59:48","modified_gmt":"2024-09-02T12:59:48","slug":"pro-con-camp-40-kemping-haz","status":"publish","type":"product","link":"https:\/\/pro-con.hu\/cs\/produkt\/pro-con-camp-40-kemping-haz\/","title":{"rendered":"PRO-CON CAMP 40\u2032 kempinkov\u00fd domek"},"content":{"rendered":"<h2><b>PRO-CON CAMP 40' kempinkov\u00fd d\u016fm \/ modul\u00e1rn\u00ed d\u016fm<\/b><\/h2>\n<p><b>Investice do cestovn\u00edho ruchu budoucnosti!<\/b><\/p>\n<p><strong>Objevte kontejnerov\u00fd d\u016fm PRO-CON CAMP 40', kempinkov\u00fd d\u016fm budoucnosti!<\/strong><\/p>\n<p><strong>PROCON CAMP 40' je modern\u00ed modul\u00e1rn\u00ed kontejnerov\u00fd d\u016fm navr\u017een\u00fd speci\u00e1ln\u011b pro \u00fa\u010dely pron\u00e1jmu. Je to vynikaj\u00edc\u00ed investice do kempinkov\u00e9 turistiky s rychlou n\u00e1vratnost\u00ed a stabiln\u00edm p\u0159\u00edjmem.<\/strong><\/p>\n<h3><b>Pro\u010d si vybrat kempinkov\u00fd domek PRO-CON CAMP 40'?<\/b><\/h3>\n<ul>\n<li aria-level=\"1\">Rychl\u00e1 n\u00e1vratnost investice: kontejnerov\u00e9 domy maj\u00ed ni\u017e\u0161\u00ed investi\u010dn\u00ed n\u00e1klady ne\u017e b\u011b\u017en\u00e9 budovy a mohou b\u00fdt postaveny rychleji. To znamen\u00e1 rychlej\u0161\u00ed n\u00e1vratnost a stabiln\u011bj\u0161\u00ed p\u0159\u00edjmy.<\/li>\n<\/ul>\n<ul>\n<li aria-level=\"1\">Snadn\u00e1 \u00fadr\u017eba: kontejnerov\u00e9 domy vy\u017eaduj\u00ed minim\u00e1ln\u00ed \u00fadr\u017ebu, tak\u017ee \u00fadr\u017eb\u011b v\u011bnujete m\u00e9n\u011b \u010dasu a energie.<\/li>\n<\/ul>\n<ul>\n<li aria-level=\"1\">Trvanlivost: kontejnerov\u00e9 domy jsou velmi trvanliv\u00e9 a odoln\u00e9 v\u016f\u010di pov\u011btrnostn\u00edm vliv\u016fm.<\/li>\n<\/ul>\n<ul>\n<li aria-level=\"1\">Mobilita: kontejnerov\u00e9 domy se snadno p\u0159epravuj\u00ed a v p\u0159\u00edpad\u011b pot\u0159eby je lze p\u0159em\u00edstit.<\/li>\n<\/ul>\n<ul>\n<li aria-level=\"1\">\u0160etrnost k \u017eivotn\u00edmu prost\u0159ed\u00ed: Kontejnerov\u00e9 domy jsou vyrobeny z recyklovan\u00fdch materi\u00e1l\u016f a jsou energeticky \u00fasporn\u00e9.<\/li>\n<\/ul>\n<h3><b>V\u00fdhody kempinkov\u00e9ho domku PRO-CON CAMP 40':<\/b><\/h3>\n<ul>\n<li aria-level=\"1\">Prostorn\u00fd interi\u00e9r: 40 stop dlouh\u00fd kontejnerov\u00fd d\u016fm poskytuje pohodln\u00e9 ubytov\u00e1n\u00ed pro 4-6 osob.<\/li>\n<\/ul>\n<ul>\n<li aria-level=\"1\">Modern\u00ed design: kontejnerov\u00fd d\u016fm je modern\u00ed a stylov\u00fd, co\u017e je pro hosty atraktivn\u00ed.<\/li>\n<\/ul>\n<ul>\n<li aria-level=\"1\">Pln\u011b vybaven\u00fd: kontejnerov\u00fd d\u016fm m\u00e1 pln\u011b vybavenou kuchy\u0148, koupelnu a ob\u00fdvac\u00ed pokoj.<\/li>\n<\/ul>\n<ul>\n<li aria-level=\"1\">Terasa: kontejnerov\u00fd d\u016fm m\u00e1 terasu, odkud se host\u00e9 mohou kochat v\u00fdhledem.<\/li>\n<\/ul>\n<h3><b>Kempinkov\u00fd domek PRO-CON CAMP 40' je ide\u00e1ln\u00ed:<\/b><\/h3>\n<ul>\n<li>Pro kempy<\/li>\n<li>Pro pr\u00e1zdninov\u00e9 vesnice<\/li>\n<li>Pro rekrea\u010dn\u00ed parky<\/li>\n<li>Pro jednotlivce, kte\u0159\u00ed cht\u011bj\u00ed investovat do kempinkov\u00e9 turistiky<\/li>\n<\/ul>\n<h3><b>PRO-CON CAMP je 40' rekrea\u010dn\u00ed d\u016fm \/ kontejnerov\u00fd d\u016fm:<\/b><\/h3>\n<ul>\n<li style=\"font-weight: 400;\" aria-level=\"1\"><span style=\"font-weight: 400;\">40 m2 podlahov\u00e9 plochy<\/span><\/li>\n<li style=\"font-weight: 400;\" aria-level=\"1\"><span style=\"font-weight: 400;\">2 lo\u017enice<\/span><\/li>\n<li style=\"font-weight: 400;\" aria-level=\"1\"><span style=\"font-weight: 400;\">Nappalival<\/span><\/li>\n<li style=\"font-weight: 400;\" aria-level=\"1\"><span style=\"font-weight: 400;\">S kuchyn\u00ed<\/span><\/li>\n<li style=\"font-weight: 400;\" aria-level=\"1\"><span style=\"font-weight: 400;\">S koupelnou<\/span><\/li>\n<li style=\"font-weight: 400;\" aria-level=\"1\"><span style=\"font-weight: 400;\">S terasou<\/span><\/li>\n<\/ul>\n<h3><b>Vybaven\u00ed kontejnerov\u00e9ho prostoru:<\/b><\/h3>\n<ul>\n<li style=\"font-weight: 400;\" aria-level=\"1\"><span style=\"font-weight: 400;\">N\u00e1bytek<\/span><\/li>\n<li style=\"font-weight: 400;\" aria-level=\"1\"><span style=\"font-weight: 400;\">Mechanizovan\u00e1 kuchyn\u011b<\/span><\/li>\n<li style=\"font-weight: 400;\" aria-level=\"1\"><span style=\"font-weight: 400;\">Chladni\u010dka<\/span><\/li>\n<li style=\"font-weight: 400;\" aria-level=\"1\"><span style=\"font-weight: 400;\">Mikrovlnn\u00e1 trouba<\/span><\/li>\n<li style=\"font-weight: 400;\" aria-level=\"1\"><span style=\"font-weight: 400;\">Varn\u00e1 deska<\/span><\/li>\n<li style=\"font-weight: 400;\" aria-level=\"1\"><span style=\"font-weight: 400;\">Klimatizace<\/span><\/li>\n<li style=\"font-weight: 400;\" aria-level=\"1\"><span style=\"font-weight: 400;\">atd.<\/span><\/li>\n<\/ul>\n<h4><strong>Rozm\u011bry<\/strong><\/h4>\n<ul>\n<li>Vn\u011bj\u0161\u00ed \u0161\u00ed\u0159ka: 3,00 m<\/li>\n<li>Vn\u011bj\u0161\u00ed d\u00e9lka: 12,00 m<\/li>\n<li>Vn\u011bj\u0161\u00ed v\u00fd\u0161ka: 2,80 - 2,90 m<\/li>\n<\/ul>\n<h4><strong>Struktur\u00e1ln\u00ed parametry<\/strong><\/h4>\n<ul>\n<li><strong>Struktura r\u00e1mu<\/strong>:\n<ul>\n<li>sva\u0159ovan\u00e9 sloupky z uhl\u00edkov\u00e9 oceli 50 x 50 x 3 mm;<\/li>\n<li>nosn\u00edky 80 x 60 x 3 mm<\/li>\n<li>Polyuretanov\u00fd n\u00e1t\u011br, barva ral7016<\/li>\n<\/ul>\n<\/li>\n<li><strong>St\u0159echa<\/strong>:\n<ul>\n<li>Sklon: - 3 %<\/li>\n<li>Materi\u00e1l: 100 mm PP sendvi\u010dov\u00fd panel<\/li>\n<li>Izola\u010dn\u00ed hodnota: (Uc) 0,39 W (m2 * K)<\/li>\n<li>Barva: RAL 9006\/9010<\/li>\n<\/ul>\n<\/li>\n<li><strong>Podlaha<\/strong>:\n<ul>\n<li>Sendvi\u010dov\u00fd panel 100 mm PP na sva\u0159ovan\u00e9m z\u00e1kladn\u00edm r\u00e1mu<\/li>\n<li>MFP panel 18 mm, krytina linoleum<\/li>\n<\/ul>\n<\/li>\n<li><strong>St\u011bny<\/strong>:\n<ul>\n<li>Sendvi\u010dov\u00fd panel 100 mm \/ 50 mm PP<br \/>\nIzola\u010dn\u00ed hodnota (Uc) 0,39 W \/ (m2 * K) - Barva RAL 7016\/9010<\/li>\n<\/ul>\n<\/li>\n<li><strong>Windows<\/strong>:\n<ul>\n<li>Plastov\u00e9 okno BNY 1 800 x 600 mm (RAL 7016\/9010) - 2 ks<\/li>\n<li>PVC okno NY 600 x 600 mm (RAL 7016\/9010) - 1 ks<\/li>\n<li>Okno PVC pevn\u00e9 + posuvn\u00e9 2 000 x 2 100 mm (RAL 7016\/9010) - 2 ks<\/li>\n<li>Okno PVC Buk\u00f3 600 x 2 100 mm (RAL 7016\/9010) - 2 ks<\/li>\n<\/ul>\n<\/li>\n<li><strong>Dve\u0159e<\/strong>:\n<ul>\n<li>Vn\u011bj\u0161\u00ed bezpe\u010dnostn\u00ed dve\u0159e 900 x 2 100 mm (RAL 7016) - 1 ks<\/li>\n<\/ul>\n<\/li>\n<li><strong>Vnit\u0159n\u00ed prostor<\/strong>:\n<ul>\n<li>Vnit\u0159n\u00ed st\u011bny: sendvi\u010dov\u00fd panel 50 mm PP + dekorativn\u00ed st\u011bnov\u00fd panel VOX MOTIVO BASIC nebo d\u0159ev\u011bn\u00fd obklad<\/li>\n<li>Vnit\u0159n\u00ed dve\u0159e: 700 x 2 050 mm (RAL 9010) - 1 kus<\/li>\n<\/ul>\n<\/li>\n<li><strong>Vodn\u00ed in\u017een\u00fdrstv\u00ed<\/strong>:\n<ul>\n<li>WC SAPHO Paco Rimless combi - 1 kus<\/li>\n<li>Sprchov\u00fd kout - 1 dvoul\u016f\u017ekov\u00fd RAVAK v ekvivalent - 1<\/li>\n<li>Bojler - 1 ks - Ariston Velis EVO 100 v ekvivalent - 1 ks<\/li>\n<li>Koupelnov\u00e1 sk\u0159\u00ed\u0148ka IKEA HEMNES \/ T\u00d6RNVIKEN - 1 kus<\/li>\n<li>Kuchyn\u011b - p\u0159\u00edprava vody a odpadn\u00ed vody<\/li>\n<\/ul>\n<\/li>\n<\/ul>\n<p><b>Dal\u0161\u00ed informace:<\/b><\/p>\n<ul>\n<li style=\"font-weight: 400;\" aria-level=\"1\"><span style=\"font-weight: 400;\">Webov\u00e9 str\u00e1nky: <a href=\"https:\/\/www.almaskemp.hu\/\" target=\"_blank\" rel=\"noopener\">almasglamp.hu<\/a><\/span><\/li>\n<\/ul>\n<p><iframe title=\"\u00dakryt v lese - AlmasGlamp Zebeg\u00e9ny\" width=\"800\" height=\"450\" src=\"https:\/\/www.youtube.com\/embed\/r3BfrKc4ISY?feature=oembed&#038;enablejsapi=1&#038;origin=https:\/\/pro-con.hu\" frameborder=\"0\" allow=\"accelerometer; autoplay; clipboard-write; encrypted-media; gyroscope; picture-in-picture; web-share\" referrerpolicy=\"strict-origin-when-cross-origin\" allowfullscreen><\/iframe><\/p>\n<p><b>Kontaktujte n\u00e1s je\u0161t\u011b dnes pro bezplatnou cenovou nab\u00eddku na rekrea\u010dn\u00ed d\u016fm \/ kontejnerov\u00fd d\u016fm PROCON CAMP 40'!<\/b><\/p>\n<p>Zobrazit v jin\u00e9 velikosti: <a href=\"https:\/\/pro-con.hu\/cs\/produkt\/pro-con-camp-20-kempinghaz\/\">20' kempinkov\u00fd domek<\/a><\/p>","protected":false},"excerpt":{"rendered":"<p>A\u0165 u\u017e jste rodina nebo mal\u00e1 skupina p\u0159\u00e1tel, dokonale navr\u017een\u00fd d\u016fm s rychl\u00fdm vybaven\u00edm, jako je tento, nab\u00edz\u00ed dostatek prostoru. Je ide\u00e1ln\u00ed pro 4-5 osob.<\/p>","protected":false},"featured_media":2074,"template":"","meta":{"_acf_changed":false},"product_brand":[],"product_cat":[28],"product_tag":[],"class_list":{"0":"post-2072","1":"product","2":"type-product","3":"status-publish","4":"has-post-thumbnail","6":"product_cat-kontener-epitmenyek","8":"first","9":"instock","10":"shipping-taxable","11":"product-type-simple"},"acf":[],"_links":{"self":[{"href":"https:\/\/pro-con.hu\/cs\/wp-json\/wp\/v2\/product\/2072","targetHints":{"allow":["GET"]}}],"collection":[{"href":"https:\/\/pro-con.hu\/cs\/wp-json\/wp\/v2\/product"}],"about":[{"href":"https:\/\/pro-con.hu\/cs\/wp-json\/wp\/v2\/types\/product"}],"version-history":[{"count":18,"href":"https:\/\/pro-con.hu\/cs\/wp-json\/wp\/v2\/product\/2072\/revisions"}],"predecessor-version":[{"id":3288,"href":"https:\/\/pro-con.hu\/cs\/wp-json\/wp\/v2\/product\/2072\/revisions\/3288"}],"wp:featuredmedia":[{"embeddable":true,"href":"https:\/\/pro-con.hu\/cs\/wp-json\/wp\/v2\/media\/2074"}],"wp:attachment":[{"href":"https:\/\/pro-con.hu\/cs\/wp-json\/wp\/v2\/media?parent=2072"}],"wp:term":[{"taxonomy":"product_brand","embeddable":true,"href":"https:\/\/pro-con.hu\/cs\/wp-json\/wp\/v2\/product_brand?post=2072"},{"taxonomy":"product_cat","embeddable":true,"href":"https:\/\/pro-con.hu\/cs\/wp-json\/wp\/v2\/product_cat?post=2072"},{"taxonomy":"product_tag","embeddable":true,"href":"https:\/\/pro-con.hu\/cs\/wp-json\/wp\/v2\/product_tag?post=2072"}],"curies":[{"name":"wp","href":"https:\/\/api.w.org\/{rel}","templated":true}]}}